{"id":129,"date":"2021-09-10T12:07:01","date_gmt":"2021-09-10T12:07:01","guid":{"rendered":"https:\/\/drcsontosborbala.hu\/adatkezelesi-tajekoztato\/"},"modified":"2021-10-01T16:07:25","modified_gmt":"2021-10-01T14:07:25","slug":"gdpr","status":"publish","type":"page","link":"https:\/\/drcsontosborbala.hu\/en\/gdpr\/","title":{"rendered":"GDPR"},"content":{"rendered":"<p>amelyben ta\u0301je\u0301koztatjuk O\u0308nt, mint honlapunk la\u0301togato\u0301ja\u0301t, valamint szolga\u0301ltata\u0301saink ige\u0301nybe vevo\u030bje\u0301t ta\u0301rsasa\u0301gunk adatkezele\u0301si e\u0301s adatve\u0301delmi szaba\u0301lyairo\u0301l.<\/p>\n<h4><strong>1. Milyen alapelveket ko\u0308vetu\u0308nk adatkezele\u0301su\u0308nk sora\u0301n?<\/strong><\/h4>\n<p>a) a szeme\u0301lyes adatokat jogszeru\u030ben e\u0301s tisztesse\u0301gesen, valamint az O\u0308n sza\u0301ma\u0301ra a\u0301tla\u0301tha- to\u0301an kezelju\u0308k.<\/p>\n<p>b) a szeme\u0301lyes adatokat csak meghata\u0301rozott, egye\u0301rtelmu\u030b e\u0301s jogszeru\u030b ce\u0301lbo\u0301l gyu\u030bjtju\u0308k e\u0301s azokat nem kezelju\u0308k a ce\u0301lokkal o\u0308ssze nem egyeztetheto\u030b mo\u0301don.<\/p>\n<p>c) az a\u0301ltalunk gyu\u030bjto\u0308tt e\u0301s kezelt szeme\u0301lyes adatok az adatkezele\u0301s ce\u0301ljai szempontja\u0301bo\u0301l megfelelo\u030bek e\u0301s releva\u0301nsak, valamint csak a szu\u0308kse\u0301gesre korla\u0301tozo\u0301dnak.<\/p>\n<p>d) Ta\u0301rsasa\u0301gunk minden e\u0301szszeru\u030b inte\u0301zkede\u0301st megtesz annak e\u0301rdeke\u0301ben, hogy az a\u0301lta- lunk kezelt adatok pontosak e\u0301s szu\u0308kse\u0301g esete\u0301n naprake\u0301szek legyenek, a pontatlan szeme\u0301lyes adatokat halade\u0301ktalanul to\u0308ro\u0308lju\u0308k vagy helyesbi\u0301tju\u0308k.<\/p>\n<p>e) a szeme\u0301lyes adatokat olyan forma\u0301ban ta\u0301roljuk, hogy O\u0308n csak a szeme\u0301lyes adatok kezele\u0301se ce\u0301ljainak ele\u0301re\u0301se\u0301hez szu\u0308kse\u0301ges ideig legyen azonosi\u0301thato\u0301.<\/p>\n<p>f) megfelelo\u030b technikai e\u0301s szerveze\u0301si inte\u0301zkede\u0301sek alkalmaza\u0301sa\u0301val biztosi\u0301tjuk a szeme\u0301lyes adatok megfelelo\u030b biztonsa\u0301ga\u0301t az adatok jogosulatlan vagy jogellenes kezele\u0301se\u0301vel, ve\u0301letlen elveszte\u0301se\u0301vel, megsemmisi\u0301te\u0301se\u0301vel vagy ka\u0301rosoda\u0301sa\u0301val szemben.<\/p>\n<p>&nbsp;<\/p>\n<p><strong>Ta\u0301rsasa\u0301gunk az O\u0308n szeme\u0301lyes adatait<\/strong><\/p>\n<p>a) az O\u0308n elo\u030bzetes ta\u0301je\u0301koztata\u0301son alapulo\u0301 e\u0301s o\u0308nke\u0301ntes hozza\u0301ja\u0301rula\u0301sa alapja\u0301n e\u0301s csakis a szu\u0308kse\u0301ges me\u0301rte\u0301kben e\u0301s minden esetben ce\u0301lhoz ko\u0308to\u0308tten kezelju\u0308k, azaz gyu\u030bjtju\u0308k, ro\u0308gzi\u0301tju\u0308k, rendszerezzu\u0308k, ta\u0301roljuk e\u0301s felhaszna\u0301ljuk.<\/p>\n<p>b) egyes esetekben az O\u0308n adatainak kezele\u0301se jogszaba\u0301lyi elo\u030bi\u0301ra\u0301sokon alapul e\u0301s ko\u0308telezo\u030b<br \/>\njellegu\u030b, ilyen esetekben erre a te\u0301nyre ku\u0308lo\u0308n felhi\u0301vjuk az O\u0308n figyelme\u0301t.<\/p>\n<p>c) illetve bizonyos esetekben az O\u0308n szeme\u0301lyes adatainak kezele\u0301se\u0301hez Ta\u0301rsasa\u0301gunknak, vagy pedig harmadik szeme\u0301lynek fu\u030bzo\u030bdik jogos e\u0301rdeke, pe\u0301lda\u0301ul honlapunk mu\u030bko\u0308dtete\u0301se, fejleszte\u0301se e\u0301s biztonsa\u0301ga.<\/p>\n<p>&nbsp;<\/p>\n<h4>2. Kik vagyunk?<\/h4>\n<ul>\n<li>Tulajdonos: Dr. Csontos Borb\u00e1la Ev.<\/li>\n<li>Ad\u00f3sz\u00e1m: 67981883-1-43<\/li>\n<li>Sz\u00e9khely: 1092 Budapest, R\u00e1day utca 19. 3. em. 30\/a.<\/li>\n<li>Postac\u00edm: 1092 Budapest, R\u00e1day utca 19. 3. em. 30\/a.<\/li>\n<li>Weboldal: www.drcsontosborbala.hu<\/li>\n<li>Telefon: +36 30 378 1248<\/li>\n<li>E-mail: info@drcsontosborbala.hu<\/li>\n<\/ul>\n<p>Adatve\u0301delmi tisztviselo\u030bje\u0301nek ele\u0301rheto\u030bse\u0301ge: info@drcsontosborbala.hu<\/p>\n<p><strong>Az a\u0301ltalunk kezelt adatok:<\/strong><\/p>\n<table class=\"table\" style=\"height: 850px;\">\n<thead>\n<tr style=\"height: 48px;\">\n<th style=\"width: 250px; height: 48px;\">Tev\u00e9kenys\u00e9g megnevez\u00e9se \u00e9s az adatkezel\u00e9s c\u00e9lja<\/th>\n<th style=\"width: 104px; height: 48px;\">Jogalap<\/th>\n<th style=\"width: 224px; height: 48px;\">Kezelt adatok<\/th>\n<th style=\"width: 130px; height: 48px;\">Id\u0151tartam<\/th>\n<th style=\"width: 125px; height: 48px;\">Nyilv\u00e1ntart\u00e1si sz\u00e1m<\/th>\n<\/tr>\n<\/thead>\n<tbody>\n<tr style=\"height: 216px;\">\n<td style=\"width: 250px; height: 216px;\"><strong>Honlap l\u00e1togat\u00e1sa<\/strong><br \/>\nC\u00e9l a honlap rendeltet\u00e9sszer\u0171 \u00e9s sz\u00ednvonalas m\u0171k\u00f6d\u00e9s\u00e9nek biztos\u00edt\u00e1sa, a szolg\u00e1ltat\u00e1saink min\u0151s\u00e9g\u00e9nek ellen\u0151rz\u00e9se \u00e9s jav\u00edt\u00e1sa, a rosszindulat\u00fa, weboldalunkat t\u00e1mad\u00f3 l\u00e1togat\u00f3k beazonos\u00edt\u00e1s, a l\u00e1togatotts\u00e1g m\u00e9r\u00e9s\u00e9re, statisztikai c\u00e9lok<\/td>\n<td style=\"width: 104px; height: 216px;\">T\u00e1rsas\u00e1gunk jogos \u00e9rdeke<\/td>\n<td style=\"width: 224px; height: 216px;\">IP c\u00edm<br \/>\na l\u00e1togat\u00e1s id\u0151pontja a megl\u00e1togatott aloldalak adatai, az \u00d6n \u00e1ltal haszn\u00e1lt oper\u00e1ci\u00f3s rendszer \u00e9s b\u00f6ng\u00e9sz\u0151 t\u00edpusa<\/td>\n<td style=\"width: 130px; height: 216px;\">1 h\u00f3nap<\/td>\n<td style=\"width: 125px; height: 216px;\"><\/td>\n<\/tr>\n<tr style=\"height: 144px;\">\n<td style=\"width: 250px; height: 144px;\"><strong>Regisztr\u00e1ci\u00f3 a honlapon<br \/>\n<\/strong>C\u00e9l a l\u00e1togat\u00f3inknak teljesebb felhaszn\u00e1l\u00f3i \u00e9lm\u00e9ny ny\u00fajt\u00e1sa \u00e9rtes\u00edt\u00e9s \u00fczemsz\u00fcnetr\u0151l, t\u00e1rsas\u00e1gunk el\u00e9rhet\u0151s\u00e9g\u00e9nek m\u00f3dosul\u00e1s\u00e1r\u00f3l, stb.<strong><br \/>\n<\/strong><\/td>\n<td style=\"width: 104px; height: 144px;\">hozz\u00e1j\u00e1rul\u00e1s<\/td>\n<td style=\"width: 224px; height: 144px;\">vezet\u00e9kn\u00e9v, keresztn\u00e9v<br \/>\nsz\u00fclet\u00e9si id\u0151pont (16 vagy 18 \u00e9let\u00e9v bet\u00f6lt\u00e9s\u00e9nek igazol\u00e1s\u00e1hoz) e-mail c\u00edm<\/td>\n<td style=\"width: 130px; height: 144px;\">a regisztr\u00e1ci\u00f3 t\u00f6rl\u00e9s\u00e9ig, illetve a hozz\u00e1j\u00e1rul\u00e1s visszavon\u00e1s\u00e1ig<\/td>\n<td style=\"width: 125px; height: 144px;\"><\/td>\n<\/tr>\n<tr style=\"height: 144px;\">\n<td style=\"width: 250px; height: 144px;\"><strong>H\u00edrlev\u00e9l szolg\u00e1ltat\u00e1s<\/strong><br \/>\nC\u00e9l: kapcsolattart\u00e1s, \u00d6nt \u00faj akci\u00f3kr\u00f3l, \u00faj term\u00e9keinkr\u0151l \u00e9rtes\u00edtj\u00fck<\/td>\n<td style=\"width: 104px; height: 144px;\">hozz\u00e1j\u00e1rul\u00e1s<\/td>\n<td style=\"width: 224px; height: 144px;\">teljes n\u00e9v, sz\u00fclet\u00e9si id\u0151pont (16 vagy 18 \u00e9let\u00e9v bet\u00f6lt\u00e9s\u00e9nek igazol\u00e1s\u00e1hoz) e-mail c\u00edm egy\u00e9b, nem k\u00f6telez\u0151en megadand\u00f3 adatok, pl. \u00e9rdekl\u0151d\u00e9si k\u00f6r, lakhely, stb.<\/td>\n<td style=\"width: 130px; height: 144px;\">h\u00edrlev\u00e9lr\u0151l t\u00f6rt\u00e9n\u0151 leiratkoz\u00e1sig<\/td>\n<td style=\"width: 125px; height: 144px;\"><\/td>\n<\/tr>\n<tr style=\"height: 216px;\">\n<td style=\"width: 250px; height: 216px;\"><strong>Direkt marketing szolg\u00e1ltat\u00e1s<\/strong><br \/>\naz \u00d6n v\u00e1s\u00e1rl\u00f3i szok\u00e1sainak elemz\u00e9se alapj\u00e1n szem\u00e9lyre szabott aj\u00e1nlatokat k\u00e9sz\u00edt\u00fcnk \u00e9s k\u00fcld\u00fcnk, \u00fczletszerz\u00e9si c\u00e9lb\u00f3l \u00d6nt megkeress\u00fck, az \u00e1ltalunk forgalmazott term\u00e9kekr\u0151l \u00e9s szolg\u00e1ltat\u00e1sokr\u00f3l t\u00e1j\u00e9koztat\u00f3kat k\u00fcld\u00fcnk.<\/td>\n<td style=\"width: 104px; height: 216px;\">hozz\u00e1j\u00e1rul\u00e1s<\/td>\n<td style=\"width: 224px; height: 216px;\">teljes n\u00e9v, sz\u00fclet\u00e9si id\u0151pont (16 vagy 18 \u00e9let\u00e9v bet\u00f6lt\u00e9s\u00e9nek igazol\u00e1s\u00e1hoz) e-mail c\u00edm, telefonsz\u00e1m (nem k\u00f6telez\u0151) egy\u00e9b, nem k\u00f6telez\u0151en megadand\u00f3 adatok, pl. \u00e9rdekl\u0151d\u00e9si k\u00f6r, lakhely, stb<\/td>\n<td style=\"width: 130px; height: 216px;\">direkt marketing szolg\u00e1ltat\u00e1sr\u00f3l leiratkoz\u00e1sig<\/td>\n<td style=\"width: 125px; height: 216px;\"><\/td>\n<\/tr>\n<tr style=\"height: 72px;\">\n<td style=\"width: 250px; height: 72px;\"><strong>\u00dcgyint\u00e9z\u00e9s, panasz<\/strong><br \/>\n\u00e9szrev\u00e9telre, panaszra v\u00e1laszad\u00e1s<\/td>\n<td style=\"width: 104px; height: 72px;\">jogi k\u00f6telezetts\u00e9g<\/td>\n<td style=\"width: 224px; height: 72px;\">teljes n\u00e9v, e-mail c\u00edm, telefonsz\u00e1m, levelez\u00e9si c\u00edm, egy\u00e9b szem\u00e9lyes \u00fczenet<\/td>\n<td style=\"width: 130px; height: 72px;\">5 \u00e9vig<\/td>\n<td style=\"width: 125px; height: 72px;\"><\/td>\n<\/tr>\n<tr style=\"height: 10px;\">\n<td style=\"width: 250px; height: 10px;\"><\/td>\n<td style=\"width: 104px; height: 10px;\"><\/td>\n<td style=\"width: 224px; height: 10px;\"><\/td>\n<td style=\"width: 130px; height: 10px;\"><\/td>\n<td style=\"width: 125px; height: 10px;\"><\/td>\n<\/tr>\n<\/tbody>\n<\/table>\n<p>A regisztra\u0301cio\u0301 illetve marketing szolga\u0301ltata\u0301saink ige\u0301nybeve\u0301tele kapcsa\u0301n megadott szeme\u0301lyes adatokat nem kapcsolhatjuk o\u0308ssze e\u0301s a la\u0301togato\u0301ink beazonosi\u0301ta\u0301sa alapveto\u030ben nem ce\u0301lunk.<\/p>\n<p>Az adatkezele\u0301ssel kapcsolatos ke\u0301rde\u0301seivel O\u0308n a info@drcsontosborbala.hu e-mail, illetve postaci\u0301men ke\u0301rhet tova\u0301bbi ta\u0301je\u0301koztata\u0301st, va\u0301laszunkat ke\u0301sedelem ne\u0301lku\u0308l, 20 napon belu\u0308l (legfeljebb azonban 1 ho\u0301napon belu\u0308l) megku\u0308ldju\u0308k O\u0308nnek az O\u0308n a\u0301ltal megadott ele\u0301rheto\u030bse\u0301gre.<\/p>\n<p>&nbsp;<\/p>\n<h4>3. Mik azok a su\u0308tik e\u0301s hogyan kezelju\u0308k o\u030bket?<\/h4>\n<p>A su\u0308tik (cookie-k) olyan kisme\u0301retu\u030b adatfa\u0301jlok (tova\u0301bbiakban: su\u0308tik), amelyek a weboldalon keresztu\u0308l a weboldal haszna\u0301lata\u0301val keru\u0308lnek az O\u0308n sza\u0301mi\u0301to\u0301ge\u0301pe\u0301re u\u0301gy, hogy azokat az O\u0308n internetes bo\u0308nge\u0301szo\u030bje menti le e\u0301s ta\u0301rolja el. A leggyakrabban haszna\u0301lt internetes bo\u0308nge\u0301szo\u030bk (Chrome, Firefox, stb.) to\u0308bbse\u0301ge alapbea\u0301lli\u0301ta\u0301ske\u0301nt elfogadja e\u0301s engede\u0301lyezi a su\u0308tik leto\u0308lte\u0301se\u0301t e\u0301s haszna\u0301lata\u0301t, az viszont ma\u0301r O\u0308nto\u030bl fu\u0308gg, hogy a bo\u0308nge\u0301szo\u030b bea\u0301lli\u0301ta\u0301sainak mo\u0301dosi\u0301ta\u0301sa\u0301val eze- ket visszautasi\u0301tja vagy letiltja, illetve O\u0308n a ma\u0301r a sza\u0301mi\u0301to\u0301ge\u0301pen le\u0301vo\u030b elta\u0301rolt su\u0308tiket is tudja to\u0308ro\u0308lni. A su\u0308tik haszna\u0301lata\u0301ro\u0301l az egyes bo\u0308nge\u0301szo\u030bk \u201esu\u0301go\u0301\u201d menu\u0308pontja nyu\u0301jt bo\u030bvebb ta\u0301je\u0301koz- tata\u0301st.<\/p>\n<p>Vannak olyan su\u0308tik, amelyek nem ige\u0301nylik az O\u0308n elo\u030bzetes hozza\u0301ja\u0301rula\u0301sa\u0301t. Ezekro\u030bl weblapunk az O\u0308n elso\u030b la\u0301togata\u0301sa\u0301nak megkezde\u0301sekor ad ro\u0308vid ta\u0301je\u0301koztata\u0301st, ilyenek pe\u0301lda\u0301ul a hitelesi\u0301te\u0301- si, multime\u0301dia-leja\u0301tszo\u0301, terhele\u0301skiegyenli\u0301to\u030b, a felhaszna\u0301lo\u0301i felu\u0308let testreszaba\u0301sa\u0301t segi\u0301to\u030b mun- kamenet-su\u0308tik, valamint a felhaszna\u0301lo\u0301ko\u0308zpontu\u0301 biztonsa\u0301gi su\u0308tik.<br \/>\nA hozza\u0301ja\u0301rula\u0301st ige\u0301nylo\u030b su\u0308tikro\u030bl \u2013 amennyiben az adatkezele\u0301s ma\u0301r az oldal felkerese\u0301se\u0301vel megkezdo\u030bdik \u2013 a Ta\u0301rsasa\u0301gunk az elso\u030b la\u0301togata\u0301s megkezde\u0301sekor ta\u0301je\u0301koztatja O\u0308nt e\u0301s ke\u0301rju\u0308k az O\u0308n hozza\u0301ja\u0301rula\u0301sa\u0301t.<\/p>\n<p>Ta\u0301rsasa\u0301gunk nem alkalmaz e\u0301s nem is engede\u0301lyez olyan su\u0308tiket, amelyek segi\u0301tse\u0301ge\u0301vel harma- dik szeme\u0301lyek az O\u0308n hozza\u0301ja\u0301rula\u0301sa ne\u0301lku\u0308l adatot gyu\u030bjthetnek.<\/p>\n<p>A su\u0308tik elfogada\u0301sa nem ko\u0308telezo\u030b, a Ta\u0301rsasa\u0301gunk azonban nem va\u0301llal aze\u0301rt felelo\u030bsse\u0301get, ha su\u0308tik engede\u0301lyeze\u0301se hia\u0301nya\u0301ban a weblapunk esetleg nem az elva\u0301rt mo\u0301don mu\u030bko\u0308dik.<\/p>\n<h4>Milyen s\u00fctiket alkalmazunk?<\/h4>\n<table class=\"table\" style=\"height: 96px;\">\n<thead>\n<tr style=\"height: 24px;\">\n<th style=\"height: 24px;\">T\u00edpus<\/th>\n<th style=\"height: 24px;\">N\u00e9v<\/th>\n<th style=\"height: 24px;\">Hozz\u00e1j\u00e1rul\u00e1s<\/th>\n<th style=\"height: 24px;\">Le\u00edr\u00e1s<\/th>\n<th style=\"height: 24px;\">C\u00e9l<\/th>\n<th style=\"height: 24px;\">\u00c9rv\u00e9nyess\u00e9g<\/th>\n<\/tr>\n<\/thead>\n<tbody>\n<tr style=\"height: 24px;\">\n<td style=\"height: 24px;\">rendszer s\u00fctik<\/td>\n<td style=\"height: 24px;\"><\/td>\n<td style=\"height: 24px;\">nem ig\u00e9nyel<\/td>\n<td style=\"height: 24px;\">a webes alkalmaz\u00e1s t\u0171zfal\u00e1nak session s\u00fctije, amely a kereszthivatkoz\u00e1sok elleni vissza\u00e9l\u00e9s megel\u0151z\u00e9s\u00e9re szolg\u00e1l<\/td>\n<td style=\"height: 24px;\">honlap m\u0171k\u00f6d\u00e9s\u00e9nek biztos\u00edt\u00e1sa<\/td>\n<td style=\"height: 24px;\">b\u00f6ng\u00e9sz\u0151 session v\u00e9ge<\/td>\n<\/tr>\n<tr style=\"height: 24px;\">\n<td style=\"height: 24px;\">nyomk\u00f6vet\u0151 s\u00fcti<\/td>\n<td style=\"height: 24px;\"><\/td>\n<td style=\"height: 24px;\">ig\u00e9nyel<\/td>\n<td style=\"height: 24px;\">szem\u00e9lyre szab\u00e1shoz<\/td>\n<td style=\"height: 24px;\">\u00d6n be\u00e1ll\u00edt\u00e1sainak megjegyez\u00e9se szolg\u00e1ltat\u00e1sunk hat\u00e9konys\u00e1g\u00e1nak n\u00f6vel\u00e9se<\/td>\n<td style=\"height: 24px;\">2 \u00e9v<\/td>\n<\/tr>\n<tr style=\"height: 24px;\">\n<td style=\"height: 24px;\">nyomk\u00f6vet\u0151 s\u00fcti (harmadik f\u00e9lt\u0151l sz\u00e1rmaz\u00f3)<\/td>\n<td style=\"height: 24px;\"><\/td>\n<td style=\"height: 24px;\">nem ig\u00e9nyel<\/td>\n<td style=\"height: 24px;\">\u00faj session-\u00f6k \u00e9s l\u00e1togat\u00f3k azonos\u00edt\u00e1s\u00e1ra, a Google Analytics webes nyomk\u00f6vet\u0151 szolg\u00e1ltat\u00e1s ment le<\/td>\n<td style=\"height: 24px;\">a weboldal l\u00e1togat\u00e1sa sor\u00e1n harmadik szem\u00e9lyek (pl. Google) szolg\u00e1ltat\u00e1saihoz kapcsol\u00f3dik<\/td>\n<td style=\"height: 24px;\">5 \u00e9v<\/td>\n<\/tr>\n<\/tbody>\n<\/table>\n<div class=\"page\" title=\"Page 6\">\n<div class=\"layoutArea\">\n<div class=\"column\">\n<p>A harmadik fe\u0301lto\u030bl sza\u0301rmazo\u0301 su\u0308tiro\u030bl (third party cookie) re\u0301szletesen itt https:\/\/www.google.com\/policies\/technologies\/types\/, az adatve\u0301delemro\u030bl pedig itt https:\/\/www.google.com\/analytics\/learn\/privacy.html?hl=hu olvashat<\/p>\n<\/div>\n<\/div>\n<\/div>\n<p>&nbsp;<\/p>\n<h4>4. Mit kell tudni me\u0301g a honlapunkkal kapcsolatos adatkezele\u0301su\u0308nkro\u030bl?<\/h4>\n<p>A szeme\u0301lyes adatokat O\u0308n o\u0308nke\u0301ntesen bocsa\u0301tja rendelkeze\u0301su\u0308nkre a regisztra\u0301cio\u0301 illetve a Ta\u0301r- sasa\u0301gunkkal kapcsolattarta\u0301sa sora\u0301n, e\u0301ppen eze\u0301rt ke\u0301rju\u0308k, hogy adatai ko\u0308zle\u0301sekor fokozatosan u\u0308gyeljen azok valo\u0301disa\u0301ga\u0301ra, helyesse\u0301ge\u0301re e\u0301s pontossa\u0301ga\u0301ra, mert ezeke\u0301rt O\u0308n felelo\u030bs. A helyte- len, pontatlan vagy hia\u0301nyos adat akada\u0301lya lehet a szolga\u0301ltata\u0301saink ige\u0301nybeve\u0301tele\u0301nek.<\/p>\n<p>Amennyiben O\u0308n nem a saja\u0301t, hanem ma\u0301s szeme\u0301ly szeme\u0301lyes adatait adja meg, u\u0301gy ve\u0301lelmez- zu\u0308k, hogy O\u0308n az ehhez szu\u0308kse\u0301ges felhatalmaza\u0301ssal rendelkezik.<\/p>\n<p>O\u0308n az adatkezele\u0301shez adott hozza\u0301ja\u0301rula\u0301sa\u0301t ba\u0301rmikor ingyenesen visszavonhatja<\/p>\n<p>a regisztra\u0301cio\u0301 to\u0308rle\u0301se\u0301vel,<\/p>\n<p>az adatkezele\u0301shez hozza\u0301ja\u0301rula\u0301s visszavona\u0301sa\u0301val, illetve<\/p>\n<p>a regisztra\u0301cio\u0301 sora\u0301n felte\u0301tlen kito\u0308ltendo\u030b ba\u0301rmely adat kezele\u0301se\u0301hez vagy felhaszna\u0301la\u0301sa\u0301hoz valo\u0301 hozza\u0301ja\u0301rula\u0301s visszavona\u0301sa\u0301val vagy za\u0301rola\u0301sa\u0301nak ke\u0301re\u0301se\u0301vel.<\/p>\n<p>A hozza\u0301ja\u0301rula\u0301s visszavona\u0301sa\u0301nak regisztra\u0301la\u0301sa\u0301t \u2013 technikai okokbo\u0301l \u2013 &#8230; napos hata\u0301rido\u030bvel va\u0301llaljuk, azonban felhi\u0301vjuk a figyelme\u0301t arra, hogy jogi ko\u0308telezettse\u0301gu\u0308nk teljesi\u0301te\u0301se vagy jogos e\u0301rdekeink e\u0301rve\u0301nyesi\u0301te\u0301se ce\u0301lja\u0301bo\u0301l bizonyos adatokat a hozza\u0301ja\u0301rula\u0301s visszavona\u0301sa uta\u0301n is kezelhetu\u0308nk.<\/p>\n<p>Megte\u0301veszto\u030b szeme\u0301lyes adat haszna\u0301lata esete\u0301n, illetve ha valamelyik la\u0301togato\u0301nk bu\u030bncselek- me\u0301nyt ko\u0308vet el vagy Ta\u0301rsasa\u0301gunk rendszere\u0301t ta\u0301madja, az adott la\u0301togato\u0301 regisztra\u0301cio\u0301ja\u0301nak megszu\u0308ntete\u0301se\u0301vel egyideju\u030bleg adatait halade\u0301ktalanul to\u0308ro\u0308lju\u0308k, illetve \u2013 szu\u0308kse\u0301g esete\u0301n \u2013 mego\u030brizzu\u0308k azokat a polga\u0301ri jogi felelo\u030bsse\u0301g mega\u0301llapi\u0301ta\u0301sa\u0301nak vagy bu\u0308nteto\u030b elja\u0301ra\u0301s lefolytata\u0301sa\u0301nak ido\u030btartama alatt.<\/p>\n<p>&nbsp;<\/p>\n<h4>5. Mit kell tudni direkt marketing e\u0301s hi\u0301rleve\u0301l ce\u0301lu\u0301 adatkezele\u0301su\u0308nkro\u030bl?<\/h4>\n<p>O\u0308n a regisztra\u0301cio\u0301 sora\u0301n tett nyilatkozata\u0301val vagy ke\u0301so\u030bbb, hi\u0301rleve\u0301l e\u0301s\/vagy direkt marketing regisztra\u0301cio\u0301 felu\u0308lete\u0301n ta\u0301rolt szeme\u0301lyes adatainak mo\u0301dosi\u0301ta\u0301sa\u0301val (azaz hozza\u0301ja\u0301rula\u0301si sza\u0301nde\u0301ka egye\u0301rtelmu\u030b kinyilva\u0301ni\u0301ta\u0301sa\u0301val) hozza\u0301ja\u0301rula\u0301sa\u0301t adhatja ahhoz, hogy az O\u0308n szeme\u0301lyes adatait marketing ce\u0301lokra is felhaszna\u0301lhassuk. Ebben az esetben \u2013 a hozza\u0301ja\u0301rula\u0301s visszavona\u0301sa\u0301ig \u2013 az O\u0308n adatait direkt marketing e\u0301s\/vagy hi\u0301rleve\u0301l ku\u0308lde\u0301s ce\u0301lja\u0301bo\u0301l is kezelju\u0308k e\u0301s az O\u0308n re\u0301sze\u0301re rek- la\u0301m- e\u0301s egye\u0301b ku\u0308ldeme\u0301nyeket, valamint ta\u0301je\u0301koztato\u0301kat e\u0301s aja\u0301nlatokat ku\u0308ldu\u0308nk e\u0301s\/vagy hi\u0301rle- velet tova\u0301bbi\u0301tunk (Grtv. 6. \u00a7).<\/p>\n<p>O\u0308n a hozza\u0301ja\u0301rula\u0301sa\u0301t a direkt marketing e\u0301s a hi\u0301rleve\u0301l tekintete\u0301ben egyu\u0308ttesen vagy ku\u0308lo\u0308n- ku\u0308lo\u0308n is megadhatja illetve azt\/azokat ingyenesen e\u0301s ba\u0301rmikor visszavonhatja.<\/p>\n<p>A regisztra\u0301cio\u0301 to\u0308rle\u0301se\u0301t minden esetben a hozza\u0301ja\u0301rula\u0301s visszavona\u0301sa\u0301nak tekintju\u0308k. A direkt marketing e\u0301s\/vagy hi\u0301rleve\u0301l ce\u0301lu\u0301 adatkezele\u0301shez hozza\u0301ja\u0301rula\u0301s visszavona\u0301sa\u0301t nem e\u0301rtelmezzu\u0308k egyu\u0301ttal a honlapunkkal kapcsolatos adatkezele\u0301si hozza\u0301ja\u0301rula\u0301s visszavona\u0301sa\u0301nak. Ez hogy van? mit e\u0301s milyen alapon o\u030brzu\u0308nk meg, ha a hi\u0301rleve\u0301l hozza\u0301ja\u0301rula\u0301st visszavonta? A hozza\u0301ja\u0301rula\u0301sok esete\u0301ben minden hozza\u0301ja\u0301rula\u0301s egy adott ce\u0301lra szo\u0301l, i\u0301gy a holnapon regisztra\u0301la\u0301s e\u0301s a hi\u0301rleve\u0301lre jelentkeze\u0301s ke\u0301t ku\u0308lo\u0308n ce\u0301l, ke\u0301t ku\u0308lo\u0308n adatba\u0301zis, a ketto\u030b nem fu\u0308gghet o\u0308ssze.<\/p>\n<p>Az egyes hozza\u0301ja\u0301rula\u0301sok visszavona\u0301sa\u0301nak illetve lemonda\u0301snak a regisztra\u0301la\u0301sa\u0301t \u2013 technikai okokbo\u0301l \u2013 &#8230; napos hata\u0301rido\u030bvel va\u0301llaljuk.<\/p>\n<p>&nbsp;<\/p>\n<h4>6. Egy\u00e9b adatkezel\u00e9si k\u00e9rd\u00e9sek<\/h4>\n<p>Az \u00d6n adatait csak jogszab\u00e1lyban meghat\u00e1rozott keretek k\u00f6z\u00f6tt tov\u00e1bb\u00edthatjuk, adatfeldolgoz\u00f3ink eset\u00e9ben pedig szerz\u0151d\u00e9ses felt\u00e9telek kik\u00f6t\u00e9s\u00e9vel biztos\u00edtjuk, hogy ne haszn\u00e1lhass\u00e1k az \u00d6n hozz\u00e1j\u00e1rul\u00e1s\u00e1val ellent\u00e9tes c\u00e9lokra az \u00d6n szem\u00e9lyes adatait. Tov\u00e1bbi inform\u00e1ci\u00f3 a 2. pontban tal\u00e1lhat\u00f3.<\/p>\n<p>T\u00e1rsas\u00e1gunk k\u00fclf\u00f6ldre nem tov\u00e1bb\u00edt adatokat.<\/p>\n<p>A b\u00edr\u00f3s\u00e1g, az \u00fcgy\u00e9szs\u00e9g \u00e9s m\u00e1s hat\u00f3s\u00e1gok (pl. rend\u0151rs\u00e9g, ad\u00f3hivatal, Nemzeti Adatv\u00e9delmi \u00e9s Inform\u00e1ci\u00f3szabads\u00e1g Hat\u00f3s\u00e1g) t\u00e1j\u00e9koztat\u00e1s ad\u00e1sa, adatok k\u00f6zl\u00e9se vagy iratok rendelkez\u00e9sre bocs\u00e1t\u00e1sa miatt megkereshetik T\u00e1rsas\u00e1gunkat. Ezekben az esetekben adatszolg\u00e1ltat\u00e1si k\u00f6telezetts\u00e9g\u00fcnket teljes\u00edten\u00fcnk kell, de csak a megkeres\u00e9s c\u00e9lj\u00e1nak megval\u00f3s\u00edt\u00e1s\u00e1hoz elengedhetetlen\u00fcl sz\u00fcks\u00e9ges m\u00e9rt\u00e9kben.<\/p>\n<p>T\u00e1rsas\u00e1gunk adatkezel\u00e9s\u00e9ben \u00e9s\/vagy adatfeldolgoz\u00e1s\u00e1ban r\u00e9szt vev\u0151 k\u00f6zrem\u0171k\u00f6d\u0151i \u00e9s munkav\u00e1llal\u00f3i el\u0151re meghat\u00e1rozott m\u00e9rt\u00e9kben \u2013 titoktart\u00e1si k\u00f6telezetts\u00e9g terhe mellett \u2013 jogosultak az \u00d6n szem\u00e9lyes adatait megismerni.<\/p>\n<p>Az \u00d6n szem\u00e9lyes adatait megfelel\u0151 technikai \u00e9s egy\u00e9b int\u00e9zked\u00e9sekkel v\u00e9dj\u00fck, valamint biztos\u00edtjuk az adatok biztons\u00e1g\u00e1t, rendelkez\u00e9sre \u00e1ll\u00e1s\u00e1t, tov\u00e1bb\u00e1 \u00f3vjuk azokat a jogosulatlan hozz\u00e1f\u00e9r\u00e9st\u0151l, megv\u00e1ltoztat\u00e1st\u00f3l, s\u00e9r\u00fcl\u00e9sekt\u0151l illetve nyilv\u00e1noss\u00e1gra hozatalt\u00f3l \u00e9s b\u00e1rmilyen egy\u00e9b jogosulatlan felhaszn\u00e1l\u00e1st\u00f3l.<\/p>\n<p>Szervezeti int\u00e9zked\u00e9sek keret\u00e9ben \u00e9p\u00fcleteinkben ellen\u0151rizz\u00fck a fizikai hozz\u00e1f\u00e9r\u00e9st, munkav\u00e1llal\u00f3inkat folyamatosan oktatjuk \u00e9s a pap\u00edr alap\u00fa dokumentumokat megfelel\u0151 v\u00e9delemmel elz\u00e1rva tartjuk. A technikai int\u00e9zked\u00e9sek keret\u00e9ben titkos\u00edt\u00e1st, jelsz\u00f3v\u00e9delmet \u00e9s v\u00edrusirt\u00f3 szoftvereket haszn\u00e1lunk. Felh\u00edvjuk azonban a figyelm\u00e9t arra, hogy az interneten kereszt\u00fcli adattov\u00e1bb\u00edt\u00e1s nem tekinthet\u0151 teljes k\u00f6r\u0171en biztons\u00e1gos adattov\u00e1bb\u00edt\u00e1snak. T\u00e1rsas\u00e1gunk mindent megtesz annak \u00e9rdek\u00e9ben, hogy a folyamatokat min\u00e9l biztons\u00e1gosabb\u00e1 tegy\u00fck, a weblapunkon kereszt\u00fcl t\u00f6rt\u00e9n\u0151 adattov\u00e1bb\u00edt\u00e1s\u00e9rt azonban nem tudunk teljes felel\u0151ss\u00e9get v\u00e1llalni, \u00e1m a T\u00e1rsas\u00e1gunkhoz be\u00e9rkezett adatok tekintet\u00e9ben szigor\u00fa el\u0151\u00edr\u00e1sokat tartunk be az \u00d6n adatainak biztons\u00e1ga \u00e9s a jogellenes hozz\u00e1f\u00e9r\u00e9s megakad\u00e1lyoz\u00e1sa \u00e9rdek\u00e9ben.<\/p>\n<p>A biztons\u00e1gi k\u00e9rd\u00e9sekkel kapcsolatban k\u00e9rj\u00fck az \u00d6n seg\u00edts\u00e9g\u00e9t abban, hogy gondosan \u0151rizze meg honlapunkhoz megl\u00e9v\u0151 hozz\u00e1f\u00e9r\u00e9si jelszav\u00e1t \u00e9s ezt a jelsz\u00f3t senkivel se ossza meg.<\/p>\n<p>&nbsp;<\/p>\n<h4>7. Melyek az \u00d6n jogai \u00e9s jogorvoslati lehet\u0151s\u00e9gei?<\/h4>\n<p>\u00d6n az adatkezel\u00e9sr\u0151l<\/p>\n<ul>\n<li>t\u00e1j\u00e9koztat\u00e1st k\u00e9rhet,<\/li>\n<li>k\u00e9rheti az \u00e1ltalunk kezelt szem\u00e9lyes adataik helyesb\u00edt\u00e9s\u00e9t, m\u00f3dos\u00edt\u00e1s\u00e1t, kieg\u00e9sz\u00edt\u00e9s\u00e9t,<\/li>\n<li>tiltakozhat az adatkezel\u00e9s ellen \u00e9s k\u00e9rheti adatai t\u00f6rl\u00e9s\u00e9t valamint z\u00e1rol\u00e1s\u00e1t (a k\u00f6telez\u0151 adatkezel\u00e9s kiv\u00e9tel\u00e9vel),<\/li>\n<li>b\u00edr\u00f3s\u00e1g el\u0151tt jogorvoslattal \u00e9lhet,<\/li>\n<li>a fel\u00fcgyel\u0151 hat\u00f3s\u00e1gn\u00e1l panaszt tehet, illetve elj\u00e1r\u00e1st kezdem\u00e9nyezhet<br \/>\n(https:\/\/naih.hu\/panaszuegyintezes-rendje.html).<\/li>\n<\/ul>\n<p><strong>Fel\u00fcgyel\u0151 Hat\u00f3s\u00e1g: Nemzeti Adatv\u00e9delmi \u00e9s Inform\u00e1ci\u00f3szabads\u00e1g Hat\u00f3s\u00e1g<\/strong><\/p>\n<ul>\n<li>Sz\u00e9khely: 1125 Budapest, Szil\u00e1gyi Erzs\u00e9bet fasor 22\/c.<\/li>\n<li>Levelez\u00e9si c\u00edm: 1530 Budapest, Pf.: 5.<\/li>\n<li>Telefon: +36 (1) 391-1400<\/li>\n<li>Fax: +36 (1) 391-1410<\/li>\n<li>E-mail:ugyfelszolgalat@naih.hu<\/li>\n<li>Honlap:https:\/\/naih.hu\/<\/li>\n<\/ul>\n<p><strong>Az \u00d6n k\u00e9relm\u00e9re t\u00e1j\u00e9koztat\u00e1st adunk<\/strong> az \u00d6n \u00e1ltalunk kezelt, illetve az \u00e1ltalunk \u2013 vagy a megb\u00edzott adatfeldolgoz\u00f3nk \u00e1ltal \u2013 feldolgozott<\/p>\n<ul>\n<li>adatair\u00f3l,<\/li>\n<li>azok forr\u00e1s\u00e1r\u00f3l,<\/li>\n<li>az adatkezel\u00e9s c\u00e9lj\u00e1r\u00f3l \u00e9s jogalapj\u00e1r\u00f3l,<\/li>\n<li>id\u0151tartam\u00e1r\u00f3l, ha pedig ez nem lehets\u00e9ges, ezen id\u0151tartam meghat\u00e1roz\u00e1s\u00e1nak szempontjair\u00f3l,<\/li>\n<li>az adatfeldolgoz\u00f3ink nev\u00e9r\u0151l, c\u00edm\u00e9r\u0151l \u00e9s az adatkezel\u00e9ssel \u00f6sszef\u00fcgg\u0151 tev\u00e9kenys\u00e9g\u00fckr\u0151l,<\/li>\n<li>adatv\u00e9delmi incidensek k\u00f6r\u00fclm\u00e9nyeir\u0151l, hat\u00e1sair\u00f3l \u00e9s az elh\u00e1r\u00edt\u00e1sukra valamint megel\u0151z\u00e9s\u00fckre tett int\u00e9zked\u00e9seinkr\u0151l, tov\u00e1bb\u00e1<\/li>\n<li>az \u00d6n szem\u00e9lyes adatainak tov\u00e1bb\u00edt\u00e1sa eset\u00e9n az adattov\u00e1bb\u00edt\u00e1s jogalapj\u00e1r\u00f3l \u00e9s c\u00edmzettj\u00e9r\u0151l.<\/li>\n<\/ul>\n<p>A k\u00e9relem beny\u00fajt\u00e1s\u00e1t\u00f3l sz\u00e1m\u00edtott legr\u00f6videbb id\u0151 alatt, 10 napon bel\u00fcl (legfeljebb azonban 1 h\u00f3napon bel\u00fcl) adjuk meg t\u00e1j\u00e9koztat\u00e1sunkat. A t\u00e1j\u00e9koztat\u00e1s ingyenes kiv\u00e9ve akkor, ha \u00d6n a foly\u00f3 \u00e9vben azonos adatk\u00f6rre vonatkoz\u00f3an t\u00e1j\u00e9koztat\u00e1si k\u00e9relmet m\u00e1r ny\u00fajtott be hozz\u00e1nk. Az \u00d6n \u00e1ltal m\u00e1r megfizetett k\u00f6lts\u00e9gt\u00e9r\u00edt\u00e9st visszat\u00e9r\u00edtj\u00fck abban az esetben, ha az adatokat jogellenesen kezelt\u00fck vagy a t\u00e1j\u00e9koztat\u00e1s k\u00e9r\u00e9se helyesb\u00edt\u00e9shez vezetett. A t\u00e1j\u00e9koztat\u00e1st csak t\u00f6rv\u00e9nyben foglalt esetekben tagadhatjuk meg jogszab\u00e1lyi hely megjel\u00f6l\u00e9s\u00e9vel, valamint a b\u00edr\u00f3s\u00e1gi jogorvoslat illetve a Hat\u00f3s\u00e1ghoz fordul\u00e1s lehet\u0151s\u00e9g\u00e9r\u0151l t\u00e1j\u00e9koztat\u00e1ssal.<\/p>\n<p>T\u00e1rsas\u00e1gunk a szem\u00e9lyes adatok helyesb\u00edt\u00e9sr\u0151l, z\u00e1rol\u00e1sr\u00f3l, megjel\u00f6l\u00e9sr\u0151l \u00e9s t\u00f6rl\u00e9sr\u0151l \u00d6nt, tov\u00e1bb\u00e1 mindazokat \u00e9rtes\u00edti, akiknek kor\u00e1bban az adatot adatkezel\u00e9s c\u00e9lj\u00e1ra tov\u00e1bb\u00edtotta, kiv\u00e9ve akkor, ha az \u00e9rtes\u00edt\u00e9s elmarad\u00e1sa az \u00d6n jogos \u00e9rdek\u00e9t nem s\u00e9rti.<\/p>\n<p>Amennyiben az \u00d6n helyesb\u00edt\u00e9s, z\u00e1rol\u00e1s vagy t\u00f6rl\u00e9s ir\u00e1nti k\u00e9relm\u00e9t nem teljes\u00edtj\u00fck, a k\u00e9relem k\u00e9zhezv\u00e9tel\u00e9t k\u00f6vet\u0151 10 napon bel\u00fcl (legfeljebb azonban 1 h\u00f3napon bel\u00fcl) \u00edr\u00e1sban vagy \u2013 az \u00d6n hozz\u00e1j\u00e1rul\u00e1s\u00e1val \u2013 elektronikus \u00faton k\u00f6z\u00f6lj\u00fcnk elutas\u00edt\u00e1sunk indokait \u00e9s t\u00e1j\u00e9koztatjuk \u00d6nt a b\u00edr\u00f3s\u00e1gi jogorvoslat, tov\u00e1bb\u00e1 a Hat\u00f3s\u00e1ghoz fordul\u00e1s lehet\u0151s\u00e9g\u00e9r\u0151l.<\/p>\n<p>Amennyiben \u00d6n tiltakozik a szem\u00e9lyes adatai kezel\u00e9se ellen, a tiltakoz\u00e1st a k\u00e9relem beny\u00fajt\u00e1s\u00e1t\u00f3l sz\u00e1m\u00edtott legr\u00f6videbb id\u0151n bel\u00fcl, 10 napon bel\u00fcl (legfeljebb azonban 1 h\u00f3napon bel\u00fcl) megvizsg\u00e1ljuk \u00e9s a d\u00f6nt\u00e9s\u00fcnkr\u0151l \u00d6nt \u00edr\u00e1sban t\u00e1j\u00e9koztatjuk. Amennyiben \u00fagy d\u00f6nt\u00f6tt\u00fcnk, hogy az \u00d6n tiltakoz\u00e1sa megalapozott, abban az esetben az adatkezel\u00e9st &#8211; bele\u00e9rtve a tov\u00e1bbi adatfelv\u00e9telt \u00e9s adattov\u00e1bb\u00edt\u00e1st is &#8211; megsz\u00fcntetj\u00fck \u00e9s az adatokat z\u00e1roljuk, valamint a tilta- koz\u00e1sr\u00f3l, tov\u00e1bb\u00e1 az annak alapj\u00e1n tett int\u00e9zked\u00e9sekr\u0151l \u00e9rtes\u00edtj\u00fck mindazokat, akik r\u00e9sz\u00e9re a tiltakoz\u00e1ssal \u00e9rintett szem\u00e9lyes adatot kor\u00e1bban tov\u00e1bb\u00edtottuk, \u00e9s akik k\u00f6telesek int\u00e9zkedni a tiltakoz\u00e1si jog \u00e9rv\u00e9nyes\u00edt\u00e9se \u00e9rdek\u00e9ben.<\/p>\n<p>Abban az esetben megtagadjuk a k\u00e9r\u00e9s teljes\u00edt\u00e9s\u00e9t, ha bizony\u00edtjuk, hogy az adatkezel\u00e9st olyan k\u00e9nyszer\u00edt\u0151 erej\u0171 jogos okok indokolj\u00e1k, amelyek els\u0151bbs\u00e9get \u00e9lveznek az \u00d6n \u00e9rdekeivel, jogaival \u00e9s szabads\u00e1gaival szemben, vagy amelyek jogi ig\u00e9nyek el\u0151terjeszt\u00e9s\u00e9hez, \u00e9rv\u00e9nyes\u00edt\u00e9s\u00e9hez vagy v\u00e9delm\u00e9hez kapcsol\u00f3dnak. Amennyiben \u00d6n a d\u00f6nt\u00e9s\u00fcnkkel nem \u00e9rt egyet, illetve ha elmulasztjuk a hat\u00e1rid\u0151t, a d\u00f6nt\u00e9s k\u00f6zl\u00e9s\u00e9t\u0151l, illetve a hat\u00e1rid\u0151 utols\u00f3 napj\u00e1t\u00f3l sz\u00e1m\u00edtott 30 napon bel\u00fcl \u00d6n b\u00edr\u00f3s\u00e1ghoz fordulhat.<\/p>\n<p>Az adatv\u00e9delmi perek elb\u00edr\u00e1l\u00e1sa a t\u00f6rv\u00e9nysz\u00e9k hat\u00e1sk\u00f6r\u00e9be tartozik, a per \u2013 az \u00e9rintett v\u00e1laszt\u00e1sa szerint \u2013 az \u00e9rintett lakhelye vagy tart\u00f3zkod\u00e1si helye szerinti t\u00f6rv\u00e9nysz\u00e9k el\u0151tt is megind\u00edthat\u00f3. K\u00fclf\u00f6ldi \u00e1llampolg\u00e1r a lak\u00f3helye szerint illet\u00e9kes fel\u00fcgyeleti hat\u00f3s\u00e1ghoz is fordulhat panasszal.<\/p>\n<p>K\u00e9rj\u00fck \u00d6nt, hogy miel\u0151tt a fel\u00fcgyeleti hat\u00f3s\u00e1ghoz vagy b\u00edr\u00f3s\u00e1ghoz fordulna panasz\u00e1val \u2013 egyeztet\u00e9s \u00e9s a felmer\u00fclt probl\u00e9ma min\u00e9l gyorsabb megold\u00e1sa \u00e9rdek\u00e9ben \u2013 keresse meg T\u00e1rsas\u00e1gunkat.<\/p>\n<p>&nbsp;<\/p>\n<h4>8. Melyek a f\u0151bb ir\u00e1nyad\u00f3 jogszab\u00e1lyok tev\u00e9kenys\u00e9g\u00fcnkre?<\/h4>\n<ul>\n<li>a term\u00e9szetes szem\u00e9lyeknek a szem\u00e9lyes adatok kezel\u00e9s\u00e9r\u0151l sz\u00f3l\u00f3 az Eur\u00f3pai Parlament \u00e9s a Tan\u00e1cs (EU) 2016\/679 rendelete (GDPR)<\/li>\n<li>az inform\u00e1ci\u00f3s \u00f6nrendelkez\u00e9si jogr\u00f3l \u00e9s az inform\u00e1ci\u00f3szabads\u00e1gr\u00f3l sz\u00f3l\u00f3 2011. \u00e9vi CXII. t\u00f6rv\u00e9ny &#8211; (Info tv.)<\/li>\n<li>a Polg\u00e1ri T\u00f6rv\u00e9nyk\u00f6nyvr\u0151l sz\u00f3l\u00f3 2013. \u00e9vi V. t\u00f6rv\u00e9ny (Ptk.)<\/li>\n<li>az elektronikus kereskedelmi szolg\u00e1ltat\u00e1sok, valamint az inform\u00e1ci\u00f3s t\u00e1rsadalommal \u00f6sszef\u00fcgg\u0151 szolg\u00e1ltat\u00e1sok egyes k\u00e9rd\u00e9seir\u0151l sz\u00f3l\u00f3 2001. \u00e9vi CVIII. t\u00f6rv\u00e9ny &#8211; (Eker tv.)<\/li>\n<li>az elektronikus h\u00edrk\u00f6zl\u00e9sr\u0151l sz\u00f3l\u00f3 2003. \u00e9vi C. t\u00f6rv\u00e9ny &#8211; (Ehtv)<\/li>\n<li>a fogyaszt\u00f3v\u00e9delemr\u0151l sz\u00f3l\u00f3 1997. \u00e9vi CLV. t\u00f6rv\u00e9ny (Fogyv tv.)<\/li>\n<li>a panaszokr\u00f3l \u00e9s a k\u00f6z\u00e9rdek\u0171 bejelent\u00e9sekr\u0151l sz\u00f3l\u00f3 2013. \u00e9vi CLXV. t\u00f6rv\u00e9ny. (Pktv.)<\/li>\n<li>a gazdas\u00e1gi rekl\u00e1mtev\u00e9kenys\u00e9g alapvet\u0151 felt\u00e9teleir\u0151l \u00e9s egyes korl\u00e1tair\u00f3l sz\u00f3l\u00f3 2008. \u00e9vi XLVIII. t\u00f6rv\u00e9ny (Grtv.)<\/li>\n<\/ul>\n<p>Budapest 2021. 09.20.<\/p>\n","protected":false},"excerpt":{"rendered":"<p>amelyben ta\u0301je\u0301koztatjuk O\u0308nt, mint honlapunk la\u0301togato\u0301ja\u0301t, valamint szolga\u0301ltata\u0301saink ige\u0301nybe vevo\u030bje\u0301t ta\u0301rsasa\u0301gunk adatkezele\u0301si e\u0301s adatve\u0301delmi szaba\u0301lyairo\u0301l. 1. Milyen alapelveket ko\u0308vetu\u0308nk adatkezele\u0301su\u0308nk sora\u0301n? a) a szeme\u0301lyes adatokat jogszeru\u030ben e\u0301s tisztesse\u0301gesen, valamint az O\u0308n sza\u0301ma\u0301ra a\u0301tla\u0301tha- to\u0301an kezelju\u0308k. b) a szeme\u0301lyes adatokat csak meghata\u0301rozott, egye\u0301rtelmu\u030b e\u0301s jogszeru\u030b ce\u0301lbo\u0301l gyu\u030bjtju\u0308k e\u0301s azokat nem kezelju\u0308k a ce\u0301lokkal o\u0308ssze nem egyeztetheto\u030b [&hellip;]<\/p>\n","protected":false},"author":1,"featured_media":0,"parent":0,"menu_order":0,"comment_status":"closed","ping_status":"open","template":"","meta":{"_acf_changed":false,"footnotes":""},"class_list":["post-129","page","type-page","status-publish","hentry"],"acf":[],"yoast_head":"<!-- This site is optimized with the Yoast SEO Premium plugin v24.6 (Yoast SEO v24.7) - https:\/\/yoast.com\/wordpress\/plugins\/seo\/ -->\n<title>GDPR - Dr. Csontos Borb\u00e1la<\/title>\n<meta name=\"robots\" content=\"index, follow, max-snippet:-1, max-image-preview:large, max-video-preview:-1\" \/>\n<link rel=\"canonical\" href=\"https:\/\/drcsontosborbala.hu\/en\/gdpr\/\" \/>\n<meta property=\"og:locale\" content=\"en_US\" \/>\n<meta property=\"og:type\" content=\"article\" \/>\n<meta property=\"og:title\" content=\"GDPR - Dr. Csontos Borb\u00e1la\" \/>\n<meta property=\"og:description\" content=\"amelyben ta\u0301je\u0301koztatjuk O\u0308nt, mint honlapunk la\u0301togato\u0301ja\u0301t, valamint szolga\u0301ltata\u0301saink ige\u0301nybe vevo\u030bje\u0301t ta\u0301rsasa\u0301gunk adatkezele\u0301si e\u0301s adatve\u0301delmi szaba\u0301lyairo\u0301l. 1. Milyen alapelveket ko\u0308vetu\u0308nk adatkezele\u0301su\u0308nk sora\u0301n? a) a szeme\u0301lyes adatokat jogszeru\u030ben e\u0301s tisztesse\u0301gesen, valamint az O\u0308n sza\u0301ma\u0301ra a\u0301tla\u0301tha- to\u0301an kezelju\u0308k. b) a szeme\u0301lyes adatokat csak meghata\u0301rozott, egye\u0301rtelmu\u030b e\u0301s jogszeru\u030b ce\u0301lbo\u0301l gyu\u030bjtju\u0308k e\u0301s azokat nem kezelju\u0308k a ce\u0301lokkal o\u0308ssze nem egyeztetheto\u030b [&hellip;]\" \/>\n<meta property=\"og:url\" content=\"https:\/\/drcsontosborbala.hu\/en\/gdpr\/\" \/>\n<meta property=\"og:site_name\" content=\"Dr. Csontos Borb\u00e1la\" \/>\n<meta property=\"article:modified_time\" content=\"2021-10-01T14:07:25+00:00\" \/>\n<meta name=\"twitter:card\" content=\"summary_large_image\" \/>\n<meta name=\"twitter:label1\" content=\"Est. reading time\" \/>\n\t<meta name=\"twitter:data1\" content=\"10 minutes\" \/>\n<script type=\"application\/ld+json\" class=\"yoast-schema-graph\">{\"@context\":\"https:\/\/schema.org\",\"@graph\":[{\"@type\":\"WebPage\",\"@id\":\"https:\/\/drcsontosborbala.hu\/en\/gdpr\/\",\"url\":\"https:\/\/drcsontosborbala.hu\/en\/gdpr\/\",\"name\":\"GDPR - Dr. Csontos Borb\u00e1la\",\"isPartOf\":{\"@id\":\"https:\/\/drcsontosborbala.hu\/#website\"},\"datePublished\":\"2021-09-10T12:07:01+00:00\",\"dateModified\":\"2021-10-01T14:07:25+00:00\",\"inLanguage\":\"en-US\",\"potentialAction\":[{\"@type\":\"ReadAction\",\"target\":[\"https:\/\/drcsontosborbala.hu\/en\/gdpr\/\"]}]},{\"@type\":\"WebSite\",\"@id\":\"https:\/\/drcsontosborbala.hu\/#website\",\"url\":\"https:\/\/drcsontosborbala.hu\/\",\"name\":\"Dr. Csontos Borb\u00e1la\",\"description\":\"\",\"potentialAction\":[{\"@type\":\"SearchAction\",\"target\":{\"@type\":\"EntryPoint\",\"urlTemplate\":\"https:\/\/drcsontosborbala.hu\/?s={search_term_string}\"},\"query-input\":{\"@type\":\"PropertyValueSpecification\",\"valueRequired\":true,\"valueName\":\"search_term_string\"}}],\"inLanguage\":\"en-US\"}]}<\/script>\n<!-- \/ Yoast SEO Premium plugin. -->","yoast_head_json":{"title":"GDPR - Dr. Csontos Borb\u00e1la","robots":{"index":"index","follow":"follow","max-snippet":"max-snippet:-1","max-image-preview":"max-image-preview:large","max-video-preview":"max-video-preview:-1"},"canonical":"https:\/\/drcsontosborbala.hu\/en\/gdpr\/","og_locale":"en_US","og_type":"article","og_title":"GDPR - Dr. Csontos Borb\u00e1la","og_description":"amelyben ta\u0301je\u0301koztatjuk O\u0308nt, mint honlapunk la\u0301togato\u0301ja\u0301t, valamint szolga\u0301ltata\u0301saink ige\u0301nybe vevo\u030bje\u0301t ta\u0301rsasa\u0301gunk adatkezele\u0301si e\u0301s adatve\u0301delmi szaba\u0301lyairo\u0301l. 1. Milyen alapelveket ko\u0308vetu\u0308nk adatkezele\u0301su\u0308nk sora\u0301n? a) a szeme\u0301lyes adatokat jogszeru\u030ben e\u0301s tisztesse\u0301gesen, valamint az O\u0308n sza\u0301ma\u0301ra a\u0301tla\u0301tha- to\u0301an kezelju\u0308k. b) a szeme\u0301lyes adatokat csak meghata\u0301rozott, egye\u0301rtelmu\u030b e\u0301s jogszeru\u030b ce\u0301lbo\u0301l gyu\u030bjtju\u0308k e\u0301s azokat nem kezelju\u0308k a ce\u0301lokkal o\u0308ssze nem egyeztetheto\u030b [&hellip;]","og_url":"https:\/\/drcsontosborbala.hu\/en\/gdpr\/","og_site_name":"Dr. Csontos Borb\u00e1la","article_modified_time":"2021-10-01T14:07:25+00:00","twitter_card":"summary_large_image","twitter_misc":{"Est. reading time":"10 minutes"},"schema":{"@context":"https:\/\/schema.org","@graph":[{"@type":"WebPage","@id":"https:\/\/drcsontosborbala.hu\/en\/gdpr\/","url":"https:\/\/drcsontosborbala.hu\/en\/gdpr\/","name":"GDPR - Dr. Csontos Borb\u00e1la","isPartOf":{"@id":"https:\/\/drcsontosborbala.hu\/#website"},"datePublished":"2021-09-10T12:07:01+00:00","dateModified":"2021-10-01T14:07:25+00:00","inLanguage":"en-US","potentialAction":[{"@type":"ReadAction","target":["https:\/\/drcsontosborbala.hu\/en\/gdpr\/"]}]},{"@type":"WebSite","@id":"https:\/\/drcsontosborbala.hu\/#website","url":"https:\/\/drcsontosborbala.hu\/","name":"Dr. Csontos Borb\u00e1la","description":"","potentialAction":[{"@type":"SearchAction","target":{"@type":"EntryPoint","urlTemplate":"https:\/\/drcsontosborbala.hu\/?s={search_term_string}"},"query-input":{"@type":"PropertyValueSpecification","valueRequired":true,"valueName":"search_term_string"}}],"inLanguage":"en-US"}]}},"_links":{"self":[{"href":"https:\/\/drcsontosborbala.hu\/en\/wp-json\/wp\/v2\/pages\/129","targetHints":{"allow":["GET"]}}],"collection":[{"href":"https:\/\/drcsontosborbala.hu\/en\/wp-json\/wp\/v2\/pages"}],"about":[{"href":"https:\/\/drcsontosborbala.hu\/en\/wp-json\/wp\/v2\/types\/page"}],"author":[{"embeddable":true,"href":"https:\/\/drcsontosborbala.hu\/en\/wp-json\/wp\/v2\/users\/1"}],"replies":[{"embeddable":true,"href":"https:\/\/drcsontosborbala.hu\/en\/wp-json\/wp\/v2\/comments?post=129"}],"version-history":[{"count":2,"href":"https:\/\/drcsontosborbala.hu\/en\/wp-json\/wp\/v2\/pages\/129\/revisions"}],"predecessor-version":[{"id":132,"href":"https:\/\/drcsontosborbala.hu\/en\/wp-json\/wp\/v2\/pages\/129\/revisions\/132"}],"wp:attachment":[{"href":"https:\/\/drcsontosborbala.hu\/en\/wp-json\/wp\/v2\/media?parent=129"}],"curies":[{"name":"wp","href":"https:\/\/api.w.org\/{rel}","templated":true}]}}